{"id":18848,"date":"2022-01-17T10:25:07","date_gmt":"2022-01-17T09:25:07","guid":{"rendered":"https:\/\/www.efsen.dk\/lt-serie-laborfoerderer-fuer-uv-lampen\/"},"modified":"2022-01-19T13:47:09","modified_gmt":"2022-01-19T12:47:09","slug":"lt-serie-laborfoerderer-fuer-uv-lampen","status":"publish","type":"page","link":"https:\/\/efsen.dk\/de\/produkte\/uv-haertung\/efsen-uv-produkte\/lt-serie-laborfoerderer-fuer-uv-lampen\/","title":{"rendered":"LT Serie &#8211; Laborf\u00f6rderer f\u00fcr UV-Lampen"},"content":{"rendered":"\t\t<div data-elementor-type=\"wp-page\" data-elementor-id=\"18848\" class=\"elementor elementor-18848 elementor-486\" data-elementor-post-type=\"page\">\n\t\t\t\t\t\t<section class=\"elementor-section elementor-top-section elementor-element elementor-element-ca91507 elementor-section-boxed elementor-section-height-default elementor-section-height-default\" data-id=\"ca91507\" data-element_type=\"section\" data-e-type=\"section\">\n\t\t\t\t\t\t<div class=\"elementor-container elementor-column-gap-default\">\n\t\t\t\t\t<div class=\"elementor-column elementor-col-100 elementor-top-column elementor-element elementor-element-82a8d44\" data-id=\"82a8d44\" data-element_type=\"column\" data-e-type=\"column\">\n\t\t\t<div class=\"elementor-widget-wrap elementor-element-populated\">\n\t\t\t\t\t\t<div class=\"elementor-element elementor-element-33098d0d elementor-widget elementor-widget-heading\" data-id=\"33098d0d\" data-element_type=\"widget\" data-e-type=\"widget\" data-widget_type=\"heading.default\">\n\t\t\t\t<div class=\"elementor-widget-container\">\n\t\t\t\t\t<h1 class=\"elementor-heading-title elementor-size-xxl\">LT Series - Laborf\u00f6rderer f\u00fcr UV-Lampen <\/h1>\t\t\t\t<\/div>\n\t\t\t\t<\/div>\n\t\t\t\t\t<\/div>\n\t\t<\/div>\n\t\t\t\t\t<\/div>\n\t\t<\/section>\n\t\t\t\t<section class=\"elementor-section elementor-top-section elementor-element elementor-element-2bd8b1bc elementor-reverse-mobile elementor-section-boxed elementor-section-height-default elementor-section-height-default\" data-id=\"2bd8b1bc\" data-element_type=\"section\" data-e-type=\"section\">\n\t\t\t\t\t\t<div class=\"elementor-container elementor-column-gap-default\">\n\t\t\t\t\t<div class=\"elementor-column elementor-col-50 elementor-top-column elementor-element elementor-element-6cb90eb0\" data-id=\"6cb90eb0\" data-element_type=\"column\" data-e-type=\"column\">\n\t\t\t<div class=\"elementor-widget-wrap elementor-element-populated\">\n\t\t\t\t\t\t<div class=\"elementor-element elementor-element-334a722d elementor-widget elementor-widget-heading\" data-id=\"334a722d\" data-element_type=\"widget\" data-e-type=\"widget\" data-widget_type=\"heading.default\">\n\t\t\t\t<div class=\"elementor-widget-container\">\n\t\t\t\t\t<h2 class=\"elementor-heading-title elementor-size-medium\">F\u00fcr kleinere Produktionen und Laboreinsatz in F&amp;E und QS<\/h2>\t\t\t\t<\/div>\n\t\t\t\t<\/div>\n\t\t\t\t<div class=\"elementor-element elementor-element-29309307 elementor-widget elementor-widget-text-editor\" data-id=\"29309307\" data-element_type=\"widget\" data-e-type=\"widget\" data-widget_type=\"text-editor.default\">\n\t\t\t\t<div class=\"elementor-widget-container\">\n\t\t\t\t\t\t\t\t\t<p>Unsere LT-F\u00f6rderbandsysteme wurden speziell f\u00fcr den robusten Einsatz in kleineren Produktionen, Entwicklungsprozessen und f\u00fcr Laboratorien als Tischger\u00e4te entwickelt. Die Bandsysteme sind modular ausgelegt f\u00fcr die Aufnahme unterschiedlicher UV-Strahlungsquellen und k\u00f6nnen auch f\u00fcr den Einsatz von UV-LEDs verwendet werden. H\u00f6henverstellbarkeit ist bei Bedarf als Option verf\u00fcgbar.\u00a0 Die modularen Abschirmungen erlauben eine einfache Anpassung an neue Strahlersysteme. Damit Ihre Investition in das F\u00f6rderband zukunftssicher ist.<\/p>\t\t\t\t\t\t\t\t<\/div>\n\t\t\t\t<\/div>\n\t\t\t\t<div class=\"elementor-element elementor-element-34a2ff27 elementor-widget elementor-widget-heading\" data-id=\"34a2ff27\" data-element_type=\"widget\" data-e-type=\"widget\" data-widget_type=\"heading.default\">\n\t\t\t\t<div class=\"elementor-widget-container\">\n\t\t\t\t\t<h3 class=\"elementor-heading-title elementor-size-medium\">Alle Vorteile der LT-Serie<\/h3>\t\t\t\t<\/div>\n\t\t\t\t<\/div>\n\t\t\t\t<div class=\"elementor-element elementor-element-90c4c7 elementor-icon-list--layout-traditional elementor-list-item-link-full_width elementor-widget elementor-widget-icon-list\" data-id=\"90c4c7\" data-element_type=\"widget\" data-e-type=\"widget\" data-widget_type=\"icon-list.default\">\n\t\t\t\t<div class=\"elementor-widget-container\">\n\t\t\t\t\t\t\t<ul class=\"elementor-icon-list-items\">\n\t\t\t\t\t\t\t<li class=\"elementor-icon-list-item\">\n\t\t\t\t\t\t\t\t\t\t\t<span class=\"elementor-icon-list-icon\">\n\t\t\t\t\t\t\t<i aria-hidden=\"true\" class=\"fas fa-check\"><\/i>\t\t\t\t\t\t<\/span>\n\t\t\t\t\t\t\t\t\t\t<span class=\"elementor-icon-list-text\">Diverse Strahleraufnahmen sind f\u00fcr die LT-Serie lieferbar und dienen als auch Lichtschutz.<\/span>\n\t\t\t\t\t\t\t\t\t<\/li>\n\t\t\t\t\t\t\t\t<li class=\"elementor-icon-list-item\">\n\t\t\t\t\t\t\t\t\t\t\t<span class=\"elementor-icon-list-icon\">\n\t\t\t\t\t\t\t<i aria-hidden=\"true\" class=\"fas fa-check\"><\/i>\t\t\t\t\t\t<\/span>\n\t\t\t\t\t\t\t\t\t\t<span class=\"elementor-icon-list-text\">Drehbare Strahleraufnahmen sind erh\u00e4ltlich, damit der Strahler das Substrat parallel oder senkrecht zur F\u00f6rderrichtung aush\u00e4rtet.<\/span>\n\t\t\t\t\t\t\t\t\t<\/li>\n\t\t\t\t\t\t\t\t<li class=\"elementor-icon-list-item\">\n\t\t\t\t\t\t\t\t\t\t\t<span class=\"elementor-icon-list-icon\">\n\t\t\t\t\t\t\t<i aria-hidden=\"true\" class=\"fas fa-check\"><\/i>\t\t\t\t\t\t<\/span>\n\t\t\t\t\t\t\t\t\t\t<span class=\"elementor-icon-list-text\">3D H\u00e4rtungsabschirmungen mit einer oder mehreren UV-Strahlern welche angewinkelt \u00fcber dem Bandsystem angeordnet sind.<\/span>\n\t\t\t\t\t\t\t\t\t<\/li>\n\t\t\t\t\t\t\t\t<li class=\"elementor-icon-list-item\">\n\t\t\t\t\t\t\t\t\t\t\t<span class=\"elementor-icon-list-icon\">\n\t\t\t\t\t\t\t<i aria-hidden=\"true\" class=\"fas fa-check\"><\/i>\t\t\t\t\t\t<\/span>\n\t\t\t\t\t\t\t\t\t\t<span class=\"elementor-icon-list-text\">Kann bei Bedarf mit Erweiterungspositionen geliefert werden. Bandgeschwindigkeit (standard) 1-100 m\/min.<\/span>\n\t\t\t\t\t\t\t\t\t<\/li>\n\t\t\t\t\t\t\t\t<li class=\"elementor-icon-list-item\">\n\t\t\t\t\t\t\t\t\t\t\t<span class=\"elementor-icon-list-icon\">\n\t\t\t\t\t\t\t<i aria-hidden=\"true\" class=\"fas fa-check\"><\/i>\t\t\t\t\t\t<\/span>\n\t\t\t\t\t\t\t\t\t\t<span class=\"elementor-icon-list-text\">List Item<\/span>\n\t\t\t\t\t\t\t\t\t<\/li>\n\t\t\t\t\t\t<\/ul>\n\t\t\t\t\t\t<\/div>\n\t\t\t\t<\/div>\n\t\t\t\t<section class=\"elementor-section elementor-inner-section elementor-element elementor-element-711ab2b4 elementor-section-boxed elementor-section-height-default elementor-section-height-default\" data-id=\"711ab2b4\" data-element_type=\"section\" data-e-type=\"section\">\n\t\t\t\t\t\t<div class=\"elementor-container elementor-column-gap-default\">\n\t\t\t\t\t<div class=\"elementor-column elementor-col-50 elementor-inner-column elementor-element elementor-element-50d107ae\" data-id=\"50d107ae\" data-element_type=\"column\" data-e-type=\"column\">\n\t\t\t<div class=\"elementor-widget-wrap elementor-element-populated\">\n\t\t\t\t\t\t<div class=\"elementor-element elementor-element-22c6cd4a elementor-align-center elementor-widget elementor-widget-button\" data-id=\"22c6cd4a\" data-element_type=\"widget\" data-e-type=\"widget\" data-widget_type=\"button.default\">\n\t\t\t\t<div class=\"elementor-widget-container\">\n\t\t\t\t\t\t\t\t\t<div class=\"elementor-button-wrapper\">\n\t\t\t\t\t<a class=\"elementor-button elementor-button-link elementor-size-md elementor-animation-grow\" href=\"https:\/\/www.efsen.dk\/wp-content\/uploads\/2019\/03\/EFSEN-Conveyor-LT-Series-Brochure_UK_27.03.2019_compressed.pdf\" target=\"_blank\">\n\t\t\t\t\t\t<span class=\"elementor-button-content-wrapper\">\n\t\t\t\t\t\t<span class=\"elementor-button-icon\">\n\t\t\t\t\t\t\t\t\t<i class=\"fa fa-file-pdf-o\" aria-hidden=\"true\"><\/i>\n\t\t\t\t\t\t\t<\/span>\n\t\t\t\t\t\t\t\t\t<span class=\"elementor-button-text\">Brosch\u00fcre lesen<\/span>\n\t\t\t\t\t<\/span>\n\t\t\t\t\t<\/a>\n\t\t\t\t<\/div>\n\t\t\t\t\t\t\t\t<\/div>\n\t\t\t\t<\/div>\n\t\t\t\t\t<\/div>\n\t\t<\/div>\n\t\t\t\t<div class=\"elementor-column elementor-col-50 elementor-inner-column elementor-element elementor-element-69fdb64\" data-id=\"69fdb64\" data-element_type=\"column\" data-e-type=\"column\">\n\t\t\t<div class=\"elementor-widget-wrap elementor-element-populated\">\n\t\t\t\t\t\t<div class=\"elementor-element elementor-element-35bbccc0 elementor-align-center elementor-widget elementor-widget-button\" data-id=\"35bbccc0\" data-element_type=\"widget\" data-e-type=\"widget\" data-widget_type=\"button.default\">\n\t\t\t\t<div class=\"elementor-widget-container\">\n\t\t\t\t\t\t\t\t\t<div class=\"elementor-button-wrapper\">\n\t\t\t\t\t<a class=\"elementor-button elementor-button-link elementor-size-md elementor-animation-grow\" href=\"https:\/\/www.efsen.dk\/kontakt\/?lang=de\">\n\t\t\t\t\t\t<span class=\"elementor-button-content-wrapper\">\n\t\t\t\t\t\t<span class=\"elementor-button-icon\">\n\t\t\t\t\t\t\t\t\t<i class=\"fa fa-phone\" aria-hidden=\"true\"><\/i>\n\t\t\t\t\t\t\t<\/span>\n\t\t\t\t\t\t\t\t\t<span class=\"elementor-button-text\">Kontaktieren Sie uns<\/span>\n\t\t\t\t\t<\/span>\n\t\t\t\t\t<\/a>\n\t\t\t\t<\/div>\n\t\t\t\t\t\t\t\t<\/div>\n\t\t\t\t<\/div>\n\t\t\t\t\t<\/div>\n\t\t<\/div>\n\t\t\t\t\t<\/div>\n\t\t<\/section>\n\t\t\t\t\t<\/div>\n\t\t<\/div>\n\t\t\t\t<div class=\"elementor-column elementor-col-50 elementor-top-column elementor-element elementor-element-6c78580e\" data-id=\"6c78580e\" data-element_type=\"column\" data-e-type=\"column\">\n\t\t\t<div class=\"elementor-widget-wrap elementor-element-populated\">\n\t\t\t\t\t\t<div class=\"elementor-element elementor-element-9b016c4 elementor-widget elementor-widget-image\" data-id=\"9b016c4\" data-element_type=\"widget\" data-e-type=\"widget\" data-widget_type=\"image.default\">\n\t\t\t\t<div class=\"elementor-widget-container\">\n\t\t\t\t\t\t\t\t\t\t\t\t\t\t\t\t<a href=\"https:\/\/www.efsen.dk\/wp-content\/uploads\/2019\/03\/EFSEN-Conveyor-LT-Series_EFSEN-UV-EB-TECHNOLOGY_800x400.jpg\" data-elementor-open-lightbox=\"yes\" data-elementor-lightbox-title=\"EFSEN Conveyor LT Series_EFSEN UV &amp; EB TECHNOLOGY_800x400\" data-e-action-hash=\"#elementor-action%3Aaction%3Dlightbox%26settings%3DeyJpZCI6MTg4NTEsInVybCI6Imh0dHBzOlwvXC9lZnNlbi5ka1wvd3AtY29udGVudFwvdXBsb2Fkc1wvMjAxOVwvMDNcL0VGU0VOLUNvbnZleW9yLUxULVNlcmllc19FRlNFTi1VVi1FQi1URUNITk9MT0dZXzgwMHg0MDAuanBnIn0%3D\">\n\t\t\t\t\t\t\t<img fetchpriority=\"high\" decoding=\"async\" width=\"780\" height=\"390\" src=\"https:\/\/efsen.dk\/wp-content\/uploads\/2019\/03\/EFSEN-Conveyor-LT-Series_EFSEN-UV-EB-TECHNOLOGY_800x400.jpg\" class=\"attachment-large size-large wp-image-18851\" alt=\"EFSEN Conveyor LT Series_EFSEN UV &amp; EB TECHNOLOGY_800x400\" srcset=\"https:\/\/efsen.dk\/wp-content\/uploads\/2019\/03\/EFSEN-Conveyor-LT-Series_EFSEN-UV-EB-TECHNOLOGY_800x400.jpg 800w, https:\/\/efsen.dk\/wp-content\/uploads\/2019\/03\/EFSEN-Conveyor-LT-Series_EFSEN-UV-EB-TECHNOLOGY_800x400-198x99.jpg 198w, https:\/\/efsen.dk\/wp-content\/uploads\/2019\/03\/EFSEN-Conveyor-LT-Series_EFSEN-UV-EB-TECHNOLOGY_800x400-768x384.jpg 768w\" sizes=\"(max-width: 780px) 100vw, 780px\" \/>\t\t\t\t\t\t\t\t<\/a>\n\t\t\t\t\t\t\t\t\t\t\t\t\t\t\t<\/div>\n\t\t\t\t<\/div>\n\t\t\t\t<div class=\"elementor-element elementor-element-4942cf41 elementor-hidden-phone elementor-widget elementor-widget-image-gallery\" data-id=\"4942cf41\" data-element_type=\"widget\" data-e-type=\"widget\" data-widget_type=\"image-gallery.default\">\n\t\t\t\t<div class=\"elementor-widget-container\">\n\t\t\t\t\t\t\t<div class=\"elementor-image-gallery\">\n\t\t\t<div id='gallery-1' class='gallery galleryid-18848 gallery-columns-2 gallery-size-thumbnail'><figure class='gallery-item'>\n\t\t\t<div class='gallery-icon landscape'>\n\t\t\t\t<a data-elementor-open-lightbox=\"yes\" data-elementor-lightbox-slideshow=\"4942cf41\" data-elementor-lightbox-title=\"EFSEN UV &amp; EB TECHNOLOGY_WoodCure Table Top LAB WoodCure\" data-e-action-hash=\"#elementor-action%3Aaction%3Dlightbox%26settings%3DeyJpZCI6MTg4NTIsInVybCI6Imh0dHBzOlwvXC9lZnNlbi5ka1wvd3AtY29udGVudFwvdXBsb2Fkc1wvMjAxOVwvMDJcL0VGU0VOLVVWLUVCLVRFQ0hOT0xPR1lfV29vZEN1cmUtVGFibGUtVG9wLUxBQi1Xb29kQ3VyZS5qcGciLCJzbGlkZXNob3ciOiI0OTQyY2Y0MSJ9\" href='https:\/\/efsen.dk\/wp-content\/uploads\/2019\/02\/EFSEN-UV-EB-TECHNOLOGY_WoodCure-Table-Top-LAB-WoodCure.jpg'><img decoding=\"async\" width=\"198\" height=\"159\" src=\"https:\/\/efsen.dk\/wp-content\/uploads\/2019\/02\/EFSEN-UV-EB-TECHNOLOGY_WoodCure-Table-Top-LAB-WoodCure-198x159.jpg\" class=\"attachment-thumbnail size-thumbnail\" alt=\"EFSEN UV &amp; EB TECHNOLOGY_WoodCure Table Top LAB WoodCure\" \/><\/a>\n\t\t\t<\/div><\/figure><figure class='gallery-item'>\n\t\t\t<div class='gallery-icon landscape'>\n\t\t\t\t<a data-elementor-open-lightbox=\"yes\" data-elementor-lightbox-slideshow=\"4942cf41\" data-elementor-lightbox-title=\"LT12-1F300_EFSEN UV &amp; EB TECHNOLOGY\" data-e-action-hash=\"#elementor-action%3Aaction%3Dlightbox%26settings%3DeyJpZCI6MTg4NTMsInVybCI6Imh0dHBzOlwvXC9lZnNlbi5ka1wvd3AtY29udGVudFwvdXBsb2Fkc1wvMjAxOVwvMDNcL0xUMTItMUYzMDBfRUZTRU4tVVYtRUItVEVDSE5PTE9HWS5qcGciLCJzbGlkZXNob3ciOiI0OTQyY2Y0MSJ9\" href='https:\/\/efsen.dk\/wp-content\/uploads\/2019\/03\/LT12-1F300_EFSEN-UV-EB-TECHNOLOGY.jpg'><img decoding=\"async\" width=\"198\" height=\"159\" src=\"https:\/\/efsen.dk\/wp-content\/uploads\/2019\/03\/LT12-1F300_EFSEN-UV-EB-TECHNOLOGY-198x159.jpg\" class=\"attachment-thumbnail size-thumbnail\" alt=\"LT12-1F300_EFSEN UV &amp; EB TECHNOLOGY\" \/><\/a>\n\t\t\t<\/div><\/figure><figure class='gallery-item'>\n\t\t\t<div class='gallery-icon landscape'>\n\t\t\t\t<a data-elementor-open-lightbox=\"yes\" data-elementor-lightbox-slideshow=\"4942cf41\" data-elementor-lightbox-title=\"LT6-1F300_EFSEN UV &amp; EB TECHNOLOGY\" data-e-action-hash=\"#elementor-action%3Aaction%3Dlightbox%26settings%3DeyJpZCI6MTg4NTQsInVybCI6Imh0dHBzOlwvXC9lZnNlbi5ka1wvd3AtY29udGVudFwvdXBsb2Fkc1wvMjAxOVwvMDNcL0xUNi0xRjMwMF9FRlNFTi1VVi1FQi1URUNITk9MT0dZLmpwZyIsInNsaWRlc2hvdyI6IjQ5NDJjZjQxIn0%3D\" href='https:\/\/efsen.dk\/wp-content\/uploads\/2019\/03\/LT6-1F300_EFSEN-UV-EB-TECHNOLOGY.jpg'><img loading=\"lazy\" decoding=\"async\" width=\"198\" height=\"159\" src=\"https:\/\/efsen.dk\/wp-content\/uploads\/2019\/03\/LT6-1F300_EFSEN-UV-EB-TECHNOLOGY-198x159.jpg\" class=\"attachment-thumbnail size-thumbnail\" alt=\"LT6-1F300_EFSEN UV &amp; EB TECHNOLOGY\" srcset=\"https:\/\/efsen.dk\/wp-content\/uploads\/2019\/03\/LT6-1F300_EFSEN-UV-EB-TECHNOLOGY-198x159.jpg 198w, https:\/\/efsen.dk\/wp-content\/uploads\/2019\/03\/LT6-1F300_EFSEN-UV-EB-TECHNOLOGY.jpg 400w\" sizes=\"(max-width: 198px) 100vw, 198px\" \/><\/a>\n\t\t\t<\/div><\/figure><figure class='gallery-item'>\n\t\t\t<div class='gallery-icon landscape'>\n\t\t\t\t<a data-elementor-open-lightbox=\"yes\" data-elementor-lightbox-slideshow=\"4942cf41\" data-elementor-lightbox-title=\"LT6-2F300-1AC7150 (1)\" data-e-action-hash=\"#elementor-action%3Aaction%3Dlightbox%26settings%3DeyJpZCI6MTg4NTUsInVybCI6Imh0dHBzOlwvXC9lZnNlbi5ka1wvd3AtY29udGVudFwvdXBsb2Fkc1wvMjAxOVwvMDNcL0xUNi0yRjMwMC0xQUM3MTUwLTEuanBnIiwic2xpZGVzaG93IjoiNDk0MmNmNDEifQ%3D%3D\" href='https:\/\/efsen.dk\/wp-content\/uploads\/2019\/03\/LT6-2F300-1AC7150-1.jpg'><img loading=\"lazy\" decoding=\"async\" width=\"198\" height=\"159\" src=\"https:\/\/efsen.dk\/wp-content\/uploads\/2019\/03\/LT6-2F300-1AC7150-1-198x159.jpg\" class=\"attachment-thumbnail size-thumbnail\" alt=\"\" \/><\/a>\n\t\t\t<\/div><\/figure>\n\t\t<\/div>\n\t\t<\/div>\n\t\t\t\t\t\t<\/div>\n\t\t\t\t<\/div>\n\t\t\t\t\t<\/div>\n\t\t<\/div>\n\t\t\t\t\t<\/div>\n\t\t<\/section>\n\t\t\t\t<\/div>\n\t\t","protected":false},"excerpt":{"rendered":"<p>LT Series &#8211; Laborf\u00f6rderer f\u00fcr UV-Lampen F\u00fcr kleinere Produktionen und Laboreinsatz in F&amp;E und QS Unsere LT-F\u00f6rderbandsysteme wurden speziell f\u00fcr [&hellip;]<\/p>\n","protected":false},"author":10,"featured_media":0,"parent":19012,"menu_order":0,"comment_status":"closed","ping_status":"closed","template":"elementor_header_footer","meta":{"_exactmetrics_skip_tracking":false,"footnotes":""},"class_list":["post-18848","page","type-page","status-publish","hentry"],"yoast_head":"<!-- This site is optimized with the Yoast SEO plugin v28.1 - https:\/\/yoast.com\/product\/yoast-seo-wordpress\/ -->\n<title>Bandsysteme der LT-Serie von EFSEN UV &amp; EB TECHNOLOGY<\/title>\n<meta name=\"description\" content=\"EFSEN Bandsysteme f\u00fcr UV-Strahler sind f\u00fcr den Einsatz in kleineren Produktionen, Entwicklungsprozessen und f\u00fcr Labortests entwickelt.\" \/>\n<meta name=\"robots\" content=\"index, follow, max-snippet:-1, max-image-preview:large, max-video-preview:-1\" \/>\n<link rel=\"canonical\" href=\"https:\/\/efsen.dk\/de\/produkte\/uv-haertung\/efsen-uv-produkte\/lt-serie-laborfoerderer-fuer-uv-lampen\/\" \/>\n<meta property=\"og:locale\" content=\"de_DE\" \/>\n<meta property=\"og:type\" content=\"article\" \/>\n<meta property=\"og:title\" content=\"Bandsysteme der LT-Serie von EFSEN UV &amp; EB TECHNOLOGY\" \/>\n<meta property=\"og:description\" content=\"EFSEN Bandsysteme f\u00fcr UV-Strahler sind f\u00fcr den Einsatz in kleineren Produktionen, Entwicklungsprozessen und f\u00fcr Labortests entwickelt.\" \/>\n<meta property=\"og:url\" content=\"https:\/\/efsen.dk\/de\/produkte\/uv-haertung\/efsen-uv-produkte\/lt-serie-laborfoerderer-fuer-uv-lampen\/\" \/>\n<meta property=\"og:site_name\" content=\"EFSEN UV &amp; EB TECHNOLOGY\" \/>\n<meta property=\"article:modified_time\" content=\"2022-01-19T12:47:09+00:00\" \/>\n<meta property=\"og:image\" content=\"https:\/\/www.efsen.dk\/wp-content\/uploads\/2019\/03\/EFSEN-Conveyor-LT-Series_EFSEN-UV-EB-TECHNOLOGY_800x400.jpg\" \/>\n<meta name=\"twitter:label1\" content=\"Gesch\u00e4tzte Lesezeit\" \/>\n\t<meta name=\"twitter:data1\" content=\"2\u00a0Minuten\" \/>\n<!-- \/ Yoast SEO plugin. -->","yoast_head_json":{"title":"Bandsysteme der LT-Serie von EFSEN UV & EB TECHNOLOGY","description":"EFSEN Bandsysteme f\u00fcr UV-Strahler sind f\u00fcr den Einsatz in kleineren Produktionen, Entwicklungsprozessen und f\u00fcr Labortests entwickelt.","robots":{"index":"index","follow":"follow","max-snippet":"max-snippet:-1","max-image-preview":"max-image-preview:large","max-video-preview":"max-video-preview:-1"},"canonical":"https:\/\/efsen.dk\/de\/produkte\/uv-haertung\/efsen-uv-produkte\/lt-serie-laborfoerderer-fuer-uv-lampen\/","og_locale":"de_DE","og_type":"article","og_title":"Bandsysteme der LT-Serie von EFSEN UV & EB TECHNOLOGY","og_description":"EFSEN Bandsysteme f\u00fcr UV-Strahler sind f\u00fcr den Einsatz in kleineren Produktionen, Entwicklungsprozessen und f\u00fcr Labortests entwickelt.","og_url":"https:\/\/efsen.dk\/de\/produkte\/uv-haertung\/efsen-uv-produkte\/lt-serie-laborfoerderer-fuer-uv-lampen\/","og_site_name":"EFSEN UV &amp; EB TECHNOLOGY","article_modified_time":"2022-01-19T12:47:09+00:00","og_image":[{"url":"https:\/\/www.efsen.dk\/wp-content\/uploads\/2019\/03\/EFSEN-Conveyor-LT-Series_EFSEN-UV-EB-TECHNOLOGY_800x400.jpg","type":"","width":"","height":""}],"twitter_misc":{"Gesch\u00e4tzte Lesezeit":"2\u00a0Minuten"},"schema":{"@context":"https:\/\/schema.org","@graph":[{"@type":"WebPage","@id":"https:\/\/efsen.dk\/de\/produkte\/uv-haertung\/efsen-uv-produkte\/lt-serie-laborfoerderer-fuer-uv-lampen\/","url":"https:\/\/efsen.dk\/de\/produkte\/uv-haertung\/efsen-uv-produkte\/lt-serie-laborfoerderer-fuer-uv-lampen\/","name":"Bandsysteme der LT-Serie von EFSEN UV & EB TECHNOLOGY","isPartOf":{"@id":"https:\/\/efsen.dk\/de\/#website"},"primaryImageOfPage":{"@id":"https:\/\/efsen.dk\/de\/produkte\/uv-haertung\/efsen-uv-produkte\/lt-serie-laborfoerderer-fuer-uv-lampen\/#primaryimage"},"image":{"@id":"https:\/\/efsen.dk\/de\/produkte\/uv-haertung\/efsen-uv-produkte\/lt-serie-laborfoerderer-fuer-uv-lampen\/#primaryimage"},"thumbnailUrl":"https:\/\/www.efsen.dk\/wp-content\/uploads\/2019\/03\/EFSEN-Conveyor-LT-Series_EFSEN-UV-EB-TECHNOLOGY_800x400.jpg","datePublished":"2022-01-17T09:25:07+00:00","dateModified":"2022-01-19T12:47:09+00:00","description":"EFSEN Bandsysteme f\u00fcr UV-Strahler sind f\u00fcr den Einsatz in kleineren Produktionen, Entwicklungsprozessen und f\u00fcr Labortests entwickelt.","breadcrumb":{"@id":"https:\/\/efsen.dk\/de\/produkte\/uv-haertung\/efsen-uv-produkte\/lt-serie-laborfoerderer-fuer-uv-lampen\/#breadcrumb"},"inLanguage":"de","potentialAction":[{"@type":"ReadAction","target":["https:\/\/efsen.dk\/de\/produkte\/uv-haertung\/efsen-uv-produkte\/lt-serie-laborfoerderer-fuer-uv-lampen\/"]}]},{"@type":"ImageObject","inLanguage":"de","@id":"https:\/\/efsen.dk\/de\/produkte\/uv-haertung\/efsen-uv-produkte\/lt-serie-laborfoerderer-fuer-uv-lampen\/#primaryimage","url":"https:\/\/www.efsen.dk\/wp-content\/uploads\/2019\/03\/EFSEN-Conveyor-LT-Series_EFSEN-UV-EB-TECHNOLOGY_800x400.jpg","contentUrl":"https:\/\/www.efsen.dk\/wp-content\/uploads\/2019\/03\/EFSEN-Conveyor-LT-Series_EFSEN-UV-EB-TECHNOLOGY_800x400.jpg"},{"@type":"BreadcrumbList","@id":"https:\/\/efsen.dk\/de\/produkte\/uv-haertung\/efsen-uv-produkte\/lt-serie-laborfoerderer-fuer-uv-lampen\/#breadcrumb","itemListElement":[{"@type":"ListItem","position":1,"name":"Home","item":"https:\/\/efsen.dk\/de\/"},{"@type":"ListItem","position":2,"name":"Produkte","item":"https:\/\/efsen.dk\/de\/produkte\/"},{"@type":"ListItem","position":3,"name":"UV-H\u00e4rtung","item":"https:\/\/efsen.dk\/de\/produkte\/uv-haertung\/"},{"@type":"ListItem","position":4,"name":"EFSEN UV-Produkte","item":"https:\/\/efsen.dk\/de\/produkte\/uv-haertung\/efsen-uv-produkte\/"},{"@type":"ListItem","position":5,"name":"LT Serie &#8211; Laborf\u00f6rderer f\u00fcr UV-Lampen"}]},{"@type":"WebSite","@id":"https:\/\/efsen.dk\/de\/#website","url":"https:\/\/efsen.dk\/de\/","name":"EFSEN UV &amp; EB TECHNOLOGY","description":"","publisher":{"@id":"https:\/\/efsen.dk\/de\/#organization"},"potentialAction":[{"@type":"SearchAction","target":{"@type":"EntryPoint","urlTemplate":"https:\/\/efsen.dk\/de\/?s={search_term_string}"},"query-input":{"@type":"PropertyValueSpecification","valueRequired":true,"valueName":"search_term_string"}}],"inLanguage":"de"},{"@type":"Organization","@id":"https:\/\/efsen.dk\/de\/#organization","name":"EFSEN UV & EB TECHNOLOGY","url":"https:\/\/efsen.dk\/de\/","logo":{"@type":"ImageObject","inLanguage":"de","@id":"https:\/\/efsen.dk\/de\/#\/schema\/logo\/image\/","url":"https:\/\/www.efsen.dk\/wp-content\/uploads\/2019\/03\/Efsen_logo_Blue_198x159_min.jpg","contentUrl":"https:\/\/www.efsen.dk\/wp-content\/uploads\/2019\/03\/Efsen_logo_Blue_198x159_min.jpg","width":198,"height":159,"caption":"EFSEN UV & EB TECHNOLOGY"},"image":{"@id":"https:\/\/efsen.dk\/de\/#\/schema\/logo\/image\/"},"sameAs":["https:\/\/www.linkedin.com\/company\/275609?trk=tyah&amp;amp;amp;trkInfo=clickedVertical:company,clickedEntityId:275609,idx:1-1-1,tarId:1481875840917,tas:efsen","https:\/\/www.youtube.com\/channel\/UCdidLupdB9_4ECAHlJRyOKw"]}]}},"_links":{"self":[{"href":"https:\/\/efsen.dk\/de\/wp-json\/wp\/v2\/pages\/18848","targetHints":{"allow":["GET"]}}],"collection":[{"href":"https:\/\/efsen.dk\/de\/wp-json\/wp\/v2\/pages"}],"about":[{"href":"https:\/\/efsen.dk\/de\/wp-json\/wp\/v2\/types\/page"}],"author":[{"embeddable":true,"href":"https:\/\/efsen.dk\/de\/wp-json\/wp\/v2\/users\/10"}],"replies":[{"embeddable":true,"href":"https:\/\/efsen.dk\/de\/wp-json\/wp\/v2\/comments?post=18848"}],"version-history":[{"count":0,"href":"https:\/\/efsen.dk\/de\/wp-json\/wp\/v2\/pages\/18848\/revisions"}],"up":[{"embeddable":true,"href":"https:\/\/efsen.dk\/de\/wp-json\/wp\/v2\/pages\/19012"}],"wp:attachment":[{"href":"https:\/\/efsen.dk\/de\/wp-json\/wp\/v2\/media?parent=18848"}],"curies":[{"name":"wp","href":"https:\/\/api.w.org\/{rel}","templated":true}]}}